{"id":12,"date":"2014-01-30T17:53:32","date_gmt":"2014-01-30T16:53:32","guid":{"rendered":"https:\/\/intern.hls.rv.bw.schule.de\/secure\/?page_id=12"},"modified":"2024-03-13T15:56:01","modified_gmt":"2024-03-13T14:56:01","slug":"ernaehrungswissenschaftliches-gymnasium","status":"publish","type":"page","link":"https:\/\/www.ess-rv.de\/?page_id=12","title":{"rendered":"Ern\u00e4hrungswissenschaftliches Gymnasium"},"content":{"rendered":"<div class=\"link-anmeldung\"><a href=\"http:\/\/www.ess-rv.de\/?page_id=4612\">Anmeldung<\/a><\/div>\n<h2>Ausbildungsziel<\/h2>\n<p>Berufliche Gymnasien f\u00fchren in drei Jahren zum Abitur und berechtigen damit zum Studium aller F\u00e4cher an Universit\u00e4ten und Hochschulen.<\/p>\n<p>Das <strong>Ern\u00e4hrungswissenschaftliche Gymnasium<\/strong> (EG) richtet sich an alle Sch\u00fclerinnen und Sch\u00fcler, die sich f\u00fcr die vielf\u00e4ltigen Aspekte der Ern\u00e4hrungswissenschaft und der Chemie interessieren.<\/p>\n<figure id=\"attachment_6762\" aria-describedby=\"caption-attachment-6762\" style=\"width: 215px\" class=\"wp-caption alignleft\"><a href=\"http:\/\/www.ess-rv.de\/wp-content\/uploads\/2021\/01\/stundentafel_eg-2021.png\" rel=\"attachment wp-att-2800\"><img loading=\"lazy\" decoding=\"async\" class=\"wp-image-6762 size-thumbnail\" src=\"http:\/\/www.ess-rv.de\/wp-content\/uploads\/2021\/01\/stundentafel_eg-2021-215x215.png\" alt=\"\" width=\"215\" height=\"215\" \/><\/a><figcaption id=\"caption-attachment-6762\" class=\"wp-caption-text\">Stundentafel EG (Zum Vergr\u00f6\u00dfern bitte anklicken)<\/figcaption><\/figure>\n<p>Im sechsst\u00fcndigen Profilfach <strong>Ern\u00e4hrung und Chemie<\/strong> erfolgt eine Auseinandersetzung mit Fragestellungen der Chemie, der Stoffwechselphysiologie, der Ern\u00e4hrung und der ern\u00e4hrungsbedingten Erkrankungen. Die Sch\u00fclerinnen und Sch\u00fcler erhalten damit vertiefte, theoretische und praktische Einblicke in die Ern\u00e4hrungswissenschaft und Chemie.<\/p>\n<p>Im profilerg\u00e4nzenden Fach Wirtschaftslehre wird eine breite \u00f6konomische Allgemeinbildung vermittelt und auf branchenspezifische Fragestellungen eingegangen.<\/p>\n<p>F\u00fcr die Allgemeine Hochschulreife ist ein ausreichender Unterricht (mindestens vier Unterrichtsjahre) in einer zweiten Fremdsprache erforderlich. Sch\u00fclerinnen und Sch\u00fcler, die diese Voraussetzung in der\u00a0 Herkunftsschule noch nicht erf\u00fcllt haben, m\u00fcssen eine zweite Fremdsprache (Niveau N) w\u00e4hlen. <a href=\"http:\/\/www.ess-rv.de\/?page_id=6243\">Informationen zur Wahl der Fremdsprache<\/a> finden Sie <a href=\"http:\/\/www.ess-rv.de\/?page_id=6243\">hier<\/a>.<\/p>\n<h2>Aufnahmebedingungen<\/h2>\n<div data-post-id=\"6940\" class=\"insert-page insert-page-6940 \"><ul>\n<li><strong>Mittlerer Bildungsabschluss<\/strong> (Realschulabschluss, Fachschulreife oder gleichwertiger mittlerer Bildungsabschluss) wenn\n<ul>\n<li>in den F\u00e4chern Deutsch, Englisch und Mathematik ein Durchschnitt von mindestens 3,0 vorliegt und<\/li>\n<li>in jedem dieser F\u00e4cher mindestens die Note ausreichend (4,0) erteilt wurde.<\/li>\n<\/ul>\n<\/li>\n<\/ul>\n<ul>\n<li><strong>Gymnasium<\/strong>:<br \/>\nVersetzungszeugnis nach Klasse 10 (G 8)<br \/>\nVersetzungszeugnis nach Klasse 11 (G 9)<\/li>\n<li><strong>Gemeinschaftsschule<\/strong><br \/>\nVersetzungszeugnis nach Klasse 10 in entsprechender Anwendung der Versetzungsordnung Gymnasien.<\/li>\n<\/ul>\n<p>Falls es mehr Bewerbungen gibt, als die Schule aufnehmen kann, erfolgt ein Auswahlverfahren nach den Noten des Mittleren Bildungsabschlusses.<\/p>\n<p>Es besteht Schulgeld- und Lernmittelfreiheit.<\/p>\n<\/div>\n<h1>Bewerbungsablauf<\/h1>\n<div data-post-id=\"4614\" class=\"insert-page insert-page-4614 \"><ol>\n<li>Registrieren Sie sich ab dem <strong>28. Januar<\/strong> bis zum 1. M\u00e4rz auf der <a href=\"https:\/\/bewo.kultus-bw.de\/BewO\" target=\"_blank\" rel=\"noopener noreferrer\">BewO-Internetseite<\/a> (<a href=\"https:\/\/bewo.kultus-bw.de\/BewO\" target=\"_blank\" rel=\"noopener noreferrer\">https:\/\/bewo.kultus-bw.de\/BewO<\/a>)<br \/>\nNach der Dateneingabe k\u00f6nnen Sie online die von Ihnen gew\u00fcnschten Bewerbungsziele (Schulen und Bildungsg\u00e4nge) ausw\u00e4hlen. \u00dcberlegen Sie sich auf jeden Fall mindestens ein bis zwei Alternativen zu Ihrem Erstwunsch.<\/li>\n<li>Ihre Bewerbungsziele ordnen Sie nach Priorit\u00e4t, d.h. der Bildungsgang, den Sie am liebsten besuchen w\u00fcrden, kommt an die erste Stelle.<\/li>\n<li>Drucken Sie den ausgef\u00fcllten Aufnahmeantrag aus und unterschreiben Sie ihn (Unterschrift der Erziehungsberechtigten nicht vergessen, sofern Sie unter 18 Jahre alt sind!)<\/li>\n<li>Geben Sie den Aufnahmeantrag bis sp\u00e4testens <strong>1. M\u00e4rz<\/strong> an der Schule Ihrer ersten Priorit\u00e4t ab. Zus\u00e4tzlich zum Antrag m\u00fcssen folgende Unterlagen abgegeben werden\n<ul>\n<li>beglaubigten Abschrift des Zeugnisses, das die Voraussetzungen f\u00fcr die Aufnahme nachweist<\/li>\n<li>Lebenslauf in tabellarischer Form mit Angaben \u00fcber den bisherigen Bildungsweg<\/li>\n<li>Erkl\u00e4rung, ob und gegebenenfalls an welchem anderen Gymnasium \/ Berufskolleg bereits an einem Aufnahmeverfahren teilgenommen wurde.<\/li>\n<\/ul>\n<\/li>\n<\/ol>\n<p>Eine ausf\u00fchrliche Anleitung und weitere Informationen finden Sie im Downloadbereich von <a href=\"https:\/\/bewo.kultus-bw.de\/BewO\" target=\"_blank\" rel=\"noopener noreferrer\">BewO online<\/a> (<a href=\"https:\/\/bewo.kultus-bw.de\/BewO\" target=\"_blank\" rel=\"noopener noreferrer\">https:\/\/bewo.kultus-bw.de\/BewO<\/a>)<\/p>\n<p><!--<a href=\"https:\/\/www.ess-rv.de\/download\/anmeldung\/bewo_2024_termine.pdf\" target=\"_blank\" rel=\"noopener\" download>Flyer zu BewO<\/a> mit zeitlichem Ablauf und beteiligten Schulen in Baden-W\u00fcrttemberg\n\n<a href=\"https:\/\/www.ess-rv.de\/download\/anmeldung\/bewo_2024_informationsblatt.pdf\" target=\"_blank\" rel=\"noopener\" download>Informationen f\u00fcr Bewerberinnen und Bewerber<\/a> des Kultusministeriums Baden-W\u00fcrttemberg--><\/p>\n<\/div>\n","protected":false},"excerpt":{"rendered":"<p>Anmeldung Ausbildungsziel Berufliche Gymnasien f\u00fchren in drei Jahren zum Abitur und berechtigen damit zum Studium aller F\u00e4cher an Universit\u00e4ten und Hochschulen. Das Ern\u00e4hrungswissenschaftliche Gymnasium (EG) richtet sich an alle Sch\u00fclerinnen und Sch\u00fcler, die sich f\u00fcr die vielf\u00e4ltigen Aspekte der Ern\u00e4hrungswissenschaft und der Chemie interessieren. Im sechsst\u00fcndigen Profilfach Ern\u00e4hrung und Chemie erfolgt eine Auseinandersetzung mit Fragestellungen &hellip; <a href=\"https:\/\/www.ess-rv.de\/?page_id=12\" class=\"more-link\"><span class=\"screen-reader-text\">Ern\u00e4hrungswissenschaftliches Gymnasium<\/span> weiterlesen <span class=\"meta-nav\">&rarr;<\/span><\/a><\/p>\n","protected":false},"author":3,"featured_media":0,"parent":9,"menu_order":2130,"comment_status":"closed","ping_status":"closed","template":"","meta":{"footnotes":"","_links_to":"","_links_to_target":""},"class_list":["post-12","page","type-page","status-publish","hentry"],"_links":{"self":[{"href":"https:\/\/www.ess-rv.de\/index.php?rest_route=\/wp\/v2\/pages\/12","targetHints":{"allow":["GET"]}}],"collection":[{"href":"https:\/\/www.ess-rv.de\/index.php?rest_route=\/wp\/v2\/pages"}],"about":[{"href":"https:\/\/www.ess-rv.de\/index.php?rest_route=\/wp\/v2\/types\/page"}],"author":[{"embeddable":true,"href":"https:\/\/www.ess-rv.de\/index.php?rest_route=\/wp\/v2\/users\/3"}],"replies":[{"embeddable":true,"href":"https:\/\/www.ess-rv.de\/index.php?rest_route=%2Fwp%2Fv2%2Fcomments&post=12"}],"version-history":[{"count":24,"href":"https:\/\/www.ess-rv.de\/index.php?rest_route=\/wp\/v2\/pages\/12\/revisions"}],"predecessor-version":[{"id":8721,"href":"https:\/\/www.ess-rv.de\/index.php?rest_route=\/wp\/v2\/pages\/12\/revisions\/8721"}],"up":[{"embeddable":true,"href":"https:\/\/www.ess-rv.de\/index.php?rest_route=\/wp\/v2\/pages\/9"}],"wp:attachment":[{"href":"https:\/\/www.ess-rv.de\/index.php?rest_route=%2Fwp%2Fv2%2Fmedia&parent=12"}],"curies":[{"name":"wp","href":"https:\/\/api.w.org\/{rel}","templated":true}]}}