{"id":1297,"date":"2015-03-23T16:00:05","date_gmt":"2015-03-23T15:00:05","guid":{"rendered":"http:\/\/www.ess-rv.de\/?page_id=1297"},"modified":"2022-03-23T07:57:06","modified_gmt":"2022-03-23T06:57:06","slug":"unterrichtszeiten","status":"publish","type":"page","link":"https:\/\/www.ess-rv.de\/?page_id=1297","title":{"rendered":"Unterrichtszeiten Aulendorf"},"content":{"rendered":"<p>Die \u00dcbersicht zeigt die Unterrichtszeiten f\u00fcr den Standort Aulendorf. Die Schultage f\u00fcr die Klassen der Berufsschule finden Sie bei den einzelnen <a href=\"http:\/\/www.ess-rv.de\/?page_id=154\">Schularten der Berufsschule Aulendorf<\/a><\/p>\n<p><!--<span style=\"color: #f00;\">Anpassung Unterrichtszeiten MFA und ZFA<\/span> <a href=\"http:\/\/www.ess-rv.de\/wp-content\/uploads\/2020\/06\/Unterrichtszeiten-MF-ZF-f\u00fcr-Homepage-1.pdf\">Download<\/a> (Die Anpassung betrifft ausschlie\u00dflich die Berufsschule f\u00fcr medizinische- und zahnmedizinische Fachangestellte)--><\/p>\n<table>\n<tbody>\n<tr>\n<td style=\"text-align: center;\">1. Stunde<\/td>\n<td style=\"text-align: center;\">08:15 &#8211; 09:00<\/td>\n<\/tr>\n<tr>\n<td style=\"text-align: center;\">2. Stunde<\/td>\n<td style=\"text-align: center;\">09:00 &#8211; 09:45<\/td>\n<\/tr>\n<tr>\n<td colspan=\"2\">\n<p style=\"text-align: center;\">Gro\u00dfe Pause<\/p>\n<\/td>\n<\/tr>\n<tr>\n<td style=\"text-align: center;\">3. Stunde<\/td>\n<td style=\"text-align: center;\">10:05 &#8211; 10:50<\/td>\n<\/tr>\n<tr>\n<td style=\"text-align: center;\">4. Stunde<\/td>\n<td style=\"text-align: center;\">10:50 &#8211; 11:35<\/td>\n<\/tr>\n<tr>\n<td colspan=\"2\">\n<p style=\"text-align: center;\">Kleine Pause<\/p>\n<\/td>\n<\/tr>\n<tr>\n<td style=\"text-align: center;\">5. Stunde<\/td>\n<td style=\"text-align: center;\">11:45 &#8211; 12:30<\/td>\n<\/tr>\n<tr>\n<td style=\"text-align: center;\">6. Stunde<\/td>\n<td style=\"text-align: center;\">12:30 &#8211; 13:15<\/td>\n<\/tr>\n<tr>\n<td colspan=\"2\">\n<p style=\"text-align: center;\">Mittagspause<\/p>\n<\/td>\n<\/tr>\n<p><!--\n\n<tr>\n\n\n<td style=\"text-align: center;\">7. Stunde<\/td>\n\n\n\n\n<td style=\"text-align: center;\">13:20 - 14:05<\/td>\n\n\n<\/tr>\n\n--><\/p>\n<tr>\n<td style=\"text-align: center;\">8. Stunde<\/td>\n<td style=\"text-align: center;\">14:05 &#8211; 14:50<\/td>\n<\/tr>\n<tr>\n<td style=\"text-align: center;\">9. Stunde<\/td>\n<td style=\"text-align: center;\">14:50 &#8211; 15:35<\/td>\n<\/tr>\n<tr>\n<td style=\"text-align: center;\">10. Stunde<\/td>\n<td style=\"text-align: center;\">15:40 &#8211; 16:40<br \/>\nNachschreibestunden f\u00fcr Klassenarbeiten<\/td>\n<\/tr>\n<\/tbody>\n<\/table>\n","protected":false},"excerpt":{"rendered":"<p>Die \u00dcbersicht zeigt die Unterrichtszeiten f\u00fcr den Standort Aulendorf. Die Schultage f\u00fcr die Klassen der Berufsschule finden Sie bei den einzelnen Schularten der Berufsschule Aulendorf 1. Stunde 08:15 &#8211; 09:00 2. Stunde 09:00 &#8211; 09:45 Gro\u00dfe Pause 3. Stunde 10:05 &#8211; 10:50 4. Stunde 10:50 &#8211; 11:35 Kleine Pause 5. Stunde 11:45 &#8211; 12:30 6. &hellip; <a href=\"https:\/\/www.ess-rv.de\/?page_id=1297\" class=\"more-link\"><span class=\"screen-reader-text\">Unterrichtszeiten Aulendorf<\/span> weiterlesen <span class=\"meta-nav\">&rarr;<\/span><\/a><\/p>\n","protected":false},"author":3,"featured_media":0,"parent":337,"menu_order":403,"comment_status":"closed","ping_status":"closed","template":"","meta":{"footnotes":"","_links_to":"","_links_to_target":""},"class_list":["post-1297","page","type-page","status-publish","hentry"],"_links":{"self":[{"href":"https:\/\/www.ess-rv.de\/index.php?rest_route=\/wp\/v2\/pages\/1297","targetHints":{"allow":["GET"]}}],"collection":[{"href":"https:\/\/www.ess-rv.de\/index.php?rest_route=\/wp\/v2\/pages"}],"about":[{"href":"https:\/\/www.ess-rv.de\/index.php?rest_route=\/wp\/v2\/types\/page"}],"author":[{"embeddable":true,"href":"https:\/\/www.ess-rv.de\/index.php?rest_route=\/wp\/v2\/users\/3"}],"replies":[{"embeddable":true,"href":"https:\/\/www.ess-rv.de\/index.php?rest_route=%2Fwp%2Fv2%2Fcomments&post=1297"}],"version-history":[{"count":11,"href":"https:\/\/www.ess-rv.de\/index.php?rest_route=\/wp\/v2\/pages\/1297\/revisions"}],"predecessor-version":[{"id":7797,"href":"https:\/\/www.ess-rv.de\/index.php?rest_route=\/wp\/v2\/pages\/1297\/revisions\/7797"}],"up":[{"embeddable":true,"href":"https:\/\/www.ess-rv.de\/index.php?rest_route=\/wp\/v2\/pages\/337"}],"wp:attachment":[{"href":"https:\/\/www.ess-rv.de\/index.php?rest_route=%2Fwp%2Fv2%2Fmedia&parent=1297"}],"curies":[{"name":"wp","href":"https:\/\/api.w.org\/{rel}","templated":true}]}}