{"id":1316,"date":"2015-03-23T16:08:32","date_gmt":"2015-03-23T15:08:32","guid":{"rendered":"http:\/\/www.ess-rv.de\/?page_id=1316"},"modified":"2021-09-21T12:44:09","modified_gmt":"2021-09-21T10:44:09","slug":"beratungslehrer","status":"publish","type":"page","link":"https:\/\/www.ess-rv.de\/?page_id=1316","title":{"rendered":"Beratungslehrerin Aulendorf"},"content":{"rendered":"<figure id=\"attachment_7387\" aria-describedby=\"caption-attachment-7387\" style=\"width: 252px\" class=\"wp-caption alignright\"><img loading=\"lazy\" decoding=\"async\" class=\"wp-image-7387 size-medium\" src=\"http:\/\/www.ess-rv.de\/wp-content\/uploads\/2021\/09\/karinjung-252x300.jpg\" alt=\"\" width=\"252\" height=\"300\" srcset=\"https:\/\/www.ess-rv.de\/wp-content\/uploads\/2021\/09\/karinjung-252x300.jpg 252w, https:\/\/www.ess-rv.de\/wp-content\/uploads\/2021\/09\/karinjung.jpg 407w\" sizes=\"auto, (max-width: 252px) 100vw, 252px\" \/><figcaption id=\"caption-attachment-7387\" class=\"wp-caption-text\">Beratungslehrerin Karin Jung<\/figcaption><\/figure>\n<p>Liebe Sch\u00fclerinnen und Sch\u00fcler, liebe Eltern,<\/p>\n<p>ich bin Beratungslehrerin an der Edith-Stein-Schule Aulendorf und biete Beratung und Unterst\u00fctzung bei <strong>schulischen Problemen<\/strong> wie beispielsweise<\/p>\n<ul>\n<li>Leistungsabfall\/schlechte Noten<\/li>\n<li>Leistungsschwankungen<\/li>\n<li>Lernst\u00f6rungen\/Konzentrationsschwierigkeiten<\/li>\n<li>Schulangst\/Pr\u00fcfungsangst<\/li>\n<li>Keine Lust auf Schule<\/li>\n<\/ul>\n<p>Wenn du bei anderen Problemen, die sich negativ auf deine schulischen Leistungen auswirken, einen Ansprechpartner brauchst, wie z.B.:<\/p>\n<ul>\n<li>Konflikte mit Mitsch\u00fclern\/Mobbing<\/li>\n<li>Problemen mit Eltern\/Lehrern<\/li>\n<li>Konflikte im privaten Umfeld<\/li>\n<li>In allen F\u00e4llen der Schullaufbahnberatung<\/li>\n<li>Bei Entscheidungen \u00fcber angestrebte Schulabschl\u00fcsse<\/li>\n<li>Beim \u00dcbergang in eine andere Schulart<\/li>\n<li>Bei Unzufriedenheit mit der Schul- oder Berufswahl<\/li>\n<\/ul>\n<p><strong>Ein vertrauliches Gespr\u00e4ch ist vielleicht der erste Schritt zur L\u00f6sung deines Problems.<\/strong><\/p>\n<p>Beratungsgespr\u00e4che sind absolut vertraulich und kostenlos.<\/p>\n<p><strong>Terminabsprachen sind m\u00f6glich:<\/strong><\/p>\n<p><a href=\"mailto:karin.jung@zsl-rstue.de\">karin.jung@zsl-rstue.de<\/a><br \/>\n<a href=\"tel:+4975259240630\">07525 92406-30<\/a><br \/>\nPers\u00f6nlich in Raum 034<\/p>\n","protected":false},"excerpt":{"rendered":"<p>Liebe Sch\u00fclerinnen und Sch\u00fcler, liebe Eltern, ich bin Beratungslehrerin an der Edith-Stein-Schule Aulendorf und biete Beratung und Unterst\u00fctzung bei schulischen Problemen wie beispielsweise Leistungsabfall\/schlechte Noten Leistungsschwankungen Lernst\u00f6rungen\/Konzentrationsschwierigkeiten Schulangst\/Pr\u00fcfungsangst Keine Lust auf Schule Wenn du bei anderen Problemen, die sich negativ auf deine schulischen Leistungen auswirken, einen Ansprechpartner brauchst, wie z.B.: Konflikte mit Mitsch\u00fclern\/Mobbing Problemen mit &hellip; <a href=\"https:\/\/www.ess-rv.de\/?page_id=1316\" class=\"more-link\"><span class=\"screen-reader-text\">Beratungslehrerin Aulendorf<\/span> weiterlesen <span class=\"meta-nav\">&rarr;<\/span><\/a><\/p>\n","protected":false},"author":3,"featured_media":0,"parent":337,"menu_order":435,"comment_status":"closed","ping_status":"closed","template":"","meta":{"footnotes":"","_links_to":"","_links_to_target":""},"class_list":["post-1316","page","type-page","status-publish","hentry"],"_links":{"self":[{"href":"https:\/\/www.ess-rv.de\/index.php?rest_route=\/wp\/v2\/pages\/1316","targetHints":{"allow":["GET"]}}],"collection":[{"href":"https:\/\/www.ess-rv.de\/index.php?rest_route=\/wp\/v2\/pages"}],"about":[{"href":"https:\/\/www.ess-rv.de\/index.php?rest_route=\/wp\/v2\/types\/page"}],"author":[{"embeddable":true,"href":"https:\/\/www.ess-rv.de\/index.php?rest_route=\/wp\/v2\/users\/3"}],"replies":[{"embeddable":true,"href":"https:\/\/www.ess-rv.de\/index.php?rest_route=%2Fwp%2Fv2%2Fcomments&post=1316"}],"version-history":[{"count":19,"href":"https:\/\/www.ess-rv.de\/index.php?rest_route=\/wp\/v2\/pages\/1316\/revisions"}],"predecessor-version":[{"id":7392,"href":"https:\/\/www.ess-rv.de\/index.php?rest_route=\/wp\/v2\/pages\/1316\/revisions\/7392"}],"up":[{"embeddable":true,"href":"https:\/\/www.ess-rv.de\/index.php?rest_route=\/wp\/v2\/pages\/337"}],"wp:attachment":[{"href":"https:\/\/www.ess-rv.de\/index.php?rest_route=%2Fwp%2Fv2%2Fmedia&parent=1316"}],"curies":[{"name":"wp","href":"https:\/\/api.w.org\/{rel}","templated":true}]}}