{"id":137,"date":"2014-07-28T09:57:21","date_gmt":"2014-07-28T07:57:21","guid":{"rendered":"https:\/\/intern.hls.rv.bw.schule.de\/secure\/?page_id=137"},"modified":"2025-01-16T20:23:44","modified_gmt":"2025-01-16T19:23:44","slug":"berufskolleg-zur-erlangung-der-fachhochschulreife","status":"publish","type":"page","link":"https:\/\/www.ess-rv.de\/?page_id=137","title":{"rendered":"Berufskolleg zur Erlangung der Fachhochschulreife"},"content":{"rendered":"<div class=\"link-anmeldung\"><a href=\"http:\/\/www.ess-rv.de\/?page_id=4829\">Anmeldung<\/a><\/div>\n<ul class=\"tab\" id=\"ReiterBox\">\n<li><a class=\"tablinks active\" onclick=\"ReiterOeffnen(event, 'Ausbildungsziel')\">Ausbildungsziel\/Ausgestaltung<\/a><\/li>\n<li><a class=\"tablinks \" onclick=\"ReiterOeffnen(event, 'Pruefung')\">Pr&uuml;fung<\/a><\/li>\n<li><a class=\"tablinks\" onclick=\"ReiterOeffnen(event, 'Aufnahme')\">Aufnahme<\/a><\/li>\n<li><a class=\"tablinks\" onclick=\"ReiterOeffnen(event, 'Anmeldung')\">Anmeldung<\/a><\/li>\n<\/ul>\n<div id=\"Ausbildungsziel\" class=\"tabcontent active\">\n<h2>Ausbildungsziel und Ausgestaltung<\/h2>\n<figure id=\"attachment_3044\" aria-describedby=\"caption-attachment-3044\" style=\"width: 180px\" class=\"wp-caption alignright\"><a href=\"http:\/\/www.ess-rv.de\/wp-content\/uploads\/2016\/03\/stundentafel_1bkfh.jpg\" rel=\"attachment wp-att-3044\"><img loading=\"lazy\" decoding=\"async\" class=\"size-thumbnail wp-image-3044\" src=\"http:\/\/www.ess-rv.de\/wp-content\/uploads\/2016\/03\/stundentafel_1bkfh-180x180.jpg\" alt=\"Stundentafel (Zum Verg\u00f6\u00dfern bitte klicken)\" width=\"180\" height=\"180\" \/><\/a><figcaption id=\"caption-attachment-3044\" class=\"wp-caption-text\">Stundentafel (Zum Verg\u00f6\u00dfern bitte klicken)<\/figcaption><\/figure>\n<p>Durch die Ausbildung am <strong>Berufskolleg zum Erwerb der Fachhochschulreife Fachrichtung Soziales<\/strong> erwerben die Sch\u00fcler\/innen die Fachhochschulreife, die zu einem Studium an einer Fachhochschule beliebiger Fachrichtung in der Bundesrepublik Deutschland qualifiziert. Durch einen vertieften allgemeinbildenden und fachtheoretischen Unterricht erwerben die Sch\u00fcler*innen in diesem Berufskolleg in einem Jahr die Fachhochschulreife.<\/p>\n<p>In den F\u00e4chern Englisch und Mathematik bietet der F\u00f6rderverein der Edith-Stein-Schule Vorkurse an. Sie sind f\u00fcr die Sch\u00fcler*innen gedacht, die eine Auffrischung ihrer Kenntnisse f\u00fcr n\u00f6tig halten.<\/p>\n<p>Es besteht Schulgeld- und Lernmittelfreiheit.\n<\/p><\/div>\n<div id=\"Pruefung\" class=\"tabcontent\">\n<h2>Pr\u00fcfung<\/h2>\n<p><strong>Schriftliche Pr\u00fcfung in den F\u00e4chern:<\/strong><\/p>\n<ul>\n<li>Deutsch<\/li>\n<li>Englisch<\/li>\n<li>Mathematik<\/li>\n<li>Biologie und Gesundheitslehre<\/li>\n<\/ul>\n<p><strong>M\u00fcndliche Pr\u00fcfungen <\/strong>in mindestens einem Fach.<\/p>\n<\/div>\n<div id=\"Aufnahme\" class=\"tabcontent\">\n<h2>Aufnahmebedingungen<\/h2>\n<ul>\n<li>Mittlere Reife oder<\/li>\n<li>Fachschulreife oder<\/li>\n<li>Gymnasium<br \/>\nVersetzungszeugnis nach Klasse 10 (G 8)<br \/>\nVersetzungszeugnis nach Klasse 11 (G 9)<\/li>\n<\/ul>\n<p>und <strong>zus\u00e4tzlich<\/strong><\/p>\n<ul>\n<li>eine abgeschlossene, mindestens zweij\u00e4hrige und f\u00fcr das Schwerpunktfach Biologie einschl\u00e4gige Berufsausbildung in einem anerkannten Ausbildungsberuf oder<\/li>\n<li>eine schulische Berufsausbildung, gegebenenfalls in Verbindung mit einem Berufspraktikum oder eine Berufsausbildung in einem \u00f6ffentlich-rechtlichen Dienstverh\u00e4ltnis.<\/li>\n<li>Der Berufsausbildung gleichgestellt ist eine einschl\u00e4gige, f\u00fcr den Besuch des Berufskollegs f\u00f6rderliche Berufserfahrung von mindestens 5 Jahren oder<\/li>\n<li>der Abschluss des einj\u00e4hrigen Dualen Berufskollegs, Fachrichtung Soziales, mit einem Durchschnitt aus den F\u00e4chern Deutsch, Englisch, Mathematik und Biologie von 3,0 oder besser (keines dieser F\u00e4cher darf schlechter als 4,0 sein!).<\/li>\n<li>F\u00fcr alle Bewerber*innen gilt eine Probezeit bis zum Ende des ersten Schulhalbjahres. Wer die Probezeit nicht bestanden hat, muss das Berufskolleg verlassen. Eine einmalige Wiederholung des Berufskollegs ist m\u00f6glich.<\/li>\n<\/ul>\n<\/div>\n<div id=\"Anmeldung\" class=\"tabcontent\">\n<h2>Anmeldeverfahren<\/h2>\n<p>Es m\u00fcssen folgende Anmeldeunterlagen eingereicht werden:<\/p>\n<ul>\n<li>vollst\u00e4ndig ausgef\u00fclltes <a href=\"http:\/\/www.ess-rv.de\/?page_id=4829\">Anmeldeformular<\/a><\/li>\n<li>tabellarischer Lebenslauf mit Lichtbild<\/li>\n<li>beglaubigte Kopie des letzten Zeugnisses<\/li>\n<\/ul>\n<p>Anmeldeschluss ist jeweils der <strong>8. M\u00e4rz 2021<\/strong> f\u00fcr das folgende Schuljahr. Versp\u00e4tet eingereichte Anmeldungen k\u00f6nnen nur dann ber\u00fccksichtigt werden, wenn nach dem regul\u00e4ren Verfahren noch Pl\u00e4tze zur Verf\u00fcgung stehen.<\/p>\n<\/div>\n","protected":false},"excerpt":{"rendered":"<p>Anmeldung Ausbildungsziel\/Ausgestaltung Pr&uuml;fung Aufnahme Anmeldung Ausbildungsziel und Ausgestaltung Durch die Ausbildung am Berufskolleg zum Erwerb der Fachhochschulreife Fachrichtung Soziales erwerben die Sch\u00fcler\/innen die Fachhochschulreife, die zu einem Studium an einer Fachhochschule beliebiger Fachrichtung in der Bundesrepublik Deutschland qualifiziert. Durch einen vertieften allgemeinbildenden und fachtheoretischen Unterricht erwerben die Sch\u00fcler*innen in diesem Berufskolleg in einem Jahr die &hellip; <a href=\"https:\/\/www.ess-rv.de\/?page_id=137\" class=\"more-link\"><span class=\"screen-reader-text\">Berufskolleg zur Erlangung der Fachhochschulreife<\/span> weiterlesen <span class=\"meta-nav\">&rarr;<\/span><\/a><\/p>\n","protected":false},"author":3,"featured_media":0,"parent":49,"menu_order":0,"comment_status":"closed","ping_status":"closed","template":"","meta":{"footnotes":"","_links_to":"","_links_to_target":""},"class_list":["post-137","page","type-page","status-publish","hentry"],"_links":{"self":[{"href":"https:\/\/www.ess-rv.de\/index.php?rest_route=\/wp\/v2\/pages\/137","targetHints":{"allow":["GET"]}}],"collection":[{"href":"https:\/\/www.ess-rv.de\/index.php?rest_route=\/wp\/v2\/pages"}],"about":[{"href":"https:\/\/www.ess-rv.de\/index.php?rest_route=\/wp\/v2\/types\/page"}],"author":[{"embeddable":true,"href":"https:\/\/www.ess-rv.de\/index.php?rest_route=\/wp\/v2\/users\/3"}],"replies":[{"embeddable":true,"href":"https:\/\/www.ess-rv.de\/index.php?rest_route=%2Fwp%2Fv2%2Fcomments&post=137"}],"version-history":[{"count":17,"href":"https:\/\/www.ess-rv.de\/index.php?rest_route=\/wp\/v2\/pages\/137\/revisions"}],"predecessor-version":[{"id":9173,"href":"https:\/\/www.ess-rv.de\/index.php?rest_route=\/wp\/v2\/pages\/137\/revisions\/9173"}],"up":[{"embeddable":true,"href":"https:\/\/www.ess-rv.de\/index.php?rest_route=\/wp\/v2\/pages\/49"}],"wp:attachment":[{"href":"https:\/\/www.ess-rv.de\/index.php?rest_route=%2Fwp%2Fv2%2Fmedia&parent=137"}],"curies":[{"name":"wp","href":"https:\/\/api.w.org\/{rel}","templated":true}]}}