{"id":1525,"date":"2015-04-14T19:51:09","date_gmt":"2015-04-14T18:51:09","guid":{"rendered":"http:\/\/www.ess-rv.de\/?page_id=1525"},"modified":"2021-08-16T15:46:31","modified_gmt":"2021-08-16T13:46:31","slug":"unesco-schulpreis","status":"publish","type":"page","link":"https:\/\/www.ess-rv.de\/?page_id=1525","title":{"rendered":"UNESCO Schulpreis"},"content":{"rendered":"<p>Jedes Jahr vergibt die Edith-Stein-Schule den UNESCO-Projektschulpreis. Ausgezeichnet werden dabei engagierte Sch\u00fclerarbeiten des aktuellen Schuljahres, die einen Bezug zu den Zielen der UNESCO haben. Weitere Informationen erhalten Sie im <a class=\"dl-pdf\" href=\"http:\/\/www.ess-rv.de\/wp-content\/uploads\/2020\/05\/2020_Flyer_unesco-schulpreis.pdf\" target=\"_blank\" rel=\"noopener noreferrer\">Flyer<\/a>.<\/p>\n<h2>Liste der Preistr\u00e4ger<\/h2>\n<table border=\"0\" cellspacing=\"0\" cellpadding=\"5\">\n<tbody>\n<tr>\n<td valign=\"top\"><strong>2021:<\/strong><\/td>\n<td>\n<p><strong>Noemie Bader, Jannika Siebla und Jessica Wikenhauser (SG)<\/strong> f\u00fcr ihre Seminararbeit und ihr Engagement zur Integration gefl\u00fcchteter Frauen<\/p>\n<p><strong>Laura Kr\u00e4nzle und Alina Wolf (SG)<\/strong> f\u00fcr ihre Seminararbeit \u00fcber die Nachhaltigkeit von Lebensmitteln<\/p>\n<p><strong>Sch\u00fclerinnen des 2BKH2 <\/strong> f\u00fcr ihre Projektarbeit zu Nachhaltigkeit und Umweltschutz<\/p>\n<\/td>\n<\/tr>\n<tr>\n<td valign=\"top\"><strong>2020:<\/strong><\/td>\n<td>\n<p><strong>Antonia Spill und Leonie Deutschle (EG)<\/strong> f\u00fcr die Initiative und Organisation der diesj\u00e4hrigen Kleidertauschaktion<\/p>\n<p><strong>Anna B\u00fcchele, Hannah Luy, Antonia und Elisabeth Walter (2BKH)<\/strong> f\u00fcr ihre Projektarbeit zum nachhaltigen Umgang mit Lebensmitteln<\/p>\n<\/td>\n<\/tr>\n<tr>\n<td valign=\"top\"><strong>2019:<\/strong><\/td>\n<td><strong>Anna-Lena Riegger, Carina Roth und Severin Zeuschner (AG)<\/strong> f\u00fcr ihre Arbeit &#8222;Bl\u00fchstreifen als Br\u00fccke zwischen Landwirtschaft und Artenvielfalt&#8220; im Rahmen des Seminarkurses<\/td>\n<\/tr>\n<tr>\n<td valign=\"top\"><strong>2018:<\/strong><\/td>\n<td><strong>Stelle Dutschke, Corinna Mossig, Anna Nolle (SGGS)<\/strong> f\u00fcr ihre Arbeit &#8222;Eine Welt zwischen Hunger und \u00dcberfluss&#8220; im Rahmen des Seminarkurses<\/td>\n<\/tr>\n<tr>\n<td valign=\"top\"><strong>2017:<\/strong><\/td>\n<td><strong>Marissa M\u00fcller, Vanessa M\u00fcller, Franziska Scheible und Carolin Winkel <\/strong> f\u00fcr die interkulturelle Arbeit mit Grundsch&uuml;lern im Rahmen des Seminarkurses<\/td>\n<\/tr>\n<tr>\n<td valign=\"top\"><strong>2016:<\/strong><\/td>\n<td><strong>Jasmin Armbruster, Maike Gebhart und Julia Pfeifer<\/strong> f\u00fcr ihre theaterp\u00e4dagogische Arbeit zur Pers\u00f6nlichkeitsentwicklung und die Inszenierung des Musicals &#8222;Drei W\u00fcnsche frei&#8220;<\/td>\n<\/tr>\n<tr>\n<td valign=\"top\"><strong>2015:<\/strong><\/td>\n<td><strong>Maximiliane B\u00f6hm, Lena M\u00e4gerle, Antonia Schillinger, Julia Sterk, Lina Stern<\/strong> f\u00fcr das Projekt zur Nachhaltigkeit \u201eUnsere Schule \u2013 eine Fairtrade-School\u201c<\/td>\n<\/tr>\n<tr>\n<td valign=\"top\"><strong>2014:<\/strong><\/td>\n<td>F\u00fcr die Darstellung der UNESCO-Ziele als Kurzfilm erhielten <strong>Stephanie Riester<\/strong> und <strong>Isabel Preu\u00df<\/strong> den ersten Preis.<\/td>\n<\/tr>\n<tr>\n<td valign=\"top\"><strong>2013:<\/strong><\/td>\n<td>F\u00fcr ihr Engagement im Rahmen der Schulpartnerschaft mit Bangladesch erhielten <strong>Paula Bucher, Nele Burkhart, Jonas M\u00fcller, Rowena Riesin, Marie-Luise Contala, Lisa Heudorfer, Sabina Striegl<\/strong> und <strong>Deborah Weber<\/strong> den ersten Preis.<\/td>\n<\/tr>\n<tr>\n<td valign=\"top\"><strong>2012:<\/strong><\/td>\n<td>Ein bebildertes M\u00e4rchenbuch von Kindern f\u00fcr Kinder mit einem Seitenumfang von 74 Seiten mit dem Titel \u201ef\u00fcr Kinder aus aller Welt\u201c, eingereicht von <strong>Stephanie Riester<\/strong>, <strong>Isabel Preu\u00df<\/strong> und <strong>Roxana Lenz<\/strong> aus der Eingangsstufe EG 11\/1.<\/td>\n<\/tr>\n<tr>\n<td valign=\"top\"><strong>2011:<\/strong><\/td>\n<td>Das Foto- und Umweltprojekt mit dem Titel \u201eSch\u00f6nheit der Sch\u00f6pfung, Verantwortung f\u00fcr die Umwelt, die Sch\u00f6pfung und die Zukunft\u201c der <strong>Klasse 1 BKST 2<\/strong> mit eigenen fotographischen Naturaufnahmen, Texten und Geschichten.<\/td>\n<\/tr>\n<tr>\n<td valign=\"top\"><strong>2010:<\/strong><\/td>\n<td>\u201eRhizom \u2013Gemeinsam leben &#8211; bewusst Handeln \u2013 die Welt ver\u00e4ndern!\u201c Eine schriftliche Ausarbeitung von <strong>Nina Harrer<\/strong> \u00fcber ein alternatives Wohnprojekt in Ravensburg.Ein T\u00e4tigkeitsbericht \u00fcber ihre dreij\u00e4hrige Mitgliedschaft im Kinderregenwald-Team von den \u201eRegenwaldkindern\u201c <strong>Julia Biggel<\/strong>, <strong>Jelena Kolarczik<\/strong>, <strong>Julia Sauter<\/strong>, <strong>Marlies B\u00f6hm<\/strong> und <strong>Irina Botyen<\/strong>.<\/td>\n<\/tr>\n<tr>\n<td valign=\"top\"><strong>2009:<\/strong><\/td>\n<td><strong>Johannes Hepp<\/strong>, <strong>Kevin Gordon<\/strong>, <strong>Ursula Scherer<\/strong>, <strong>Albert Mink<\/strong>, <strong>Anne Leiter<\/strong>, <strong>Raphael Buck<\/strong> und <strong>Georg Sch\u00e4fer<\/strong> haben ermittelt, wie viel Kohlendioxid von Sch\u00fcler(Innen) und Lehrer(Innen) der Edith-Stein Schule pro Schuljahr ausgesto\u00dfen werden.<\/td>\n<\/tr>\n<tr>\n<td valign=\"top\"><strong>2008:<\/strong><\/td>\n<td>Das Theaterst\u00fcck zum Thema \u201e\u00d6kologie und Umweltschutz\u201c mit dem Titel \u201e Zum Anbei\u00dfen\u201c unter der Regie von <strong>Sophia Locher<\/strong> und <strong>Lutz Bauerochse<\/strong> (Seminarkurs). Ein selbst geschriebenes und aufgef\u00fchrtes Theaterst\u00fcck \u00fcber die \u00f6kologische Bedeutung der vom Kinderregenwald-Team der ESS gepflanzten Streuobst-Hochstammb\u00e4ume im Landkreis Ravensburg.<\/td>\n<\/tr>\n<\/tbody>\n<\/table>\n","protected":false},"excerpt":{"rendered":"<p>Jedes Jahr vergibt die Edith-Stein-Schule den UNESCO-Projektschulpreis. Ausgezeichnet werden dabei engagierte Sch\u00fclerarbeiten des aktuellen Schuljahres, die einen Bezug zu den Zielen der UNESCO haben. Weitere Informationen erhalten Sie im Flyer. Liste der Preistr\u00e4ger 2021: Noemie Bader, Jannika Siebla und Jessica Wikenhauser (SG) f\u00fcr ihre Seminararbeit und ihr Engagement zur Integration gefl\u00fcchteter Frauen Laura Kr\u00e4nzle und &hellip; <a href=\"https:\/\/www.ess-rv.de\/?page_id=1525\" class=\"more-link\"><span class=\"screen-reader-text\">UNESCO Schulpreis<\/span> weiterlesen <span class=\"meta-nav\">&rarr;<\/span><\/a><\/p>\n","protected":false},"author":3,"featured_media":0,"parent":39,"menu_order":0,"comment_status":"closed","ping_status":"closed","template":"","meta":{"footnotes":"","_links_to":"","_links_to_target":""},"class_list":["post-1525","page","type-page","status-publish","hentry"],"_links":{"self":[{"href":"https:\/\/www.ess-rv.de\/index.php?rest_route=\/wp\/v2\/pages\/1525","targetHints":{"allow":["GET"]}}],"collection":[{"href":"https:\/\/www.ess-rv.de\/index.php?rest_route=\/wp\/v2\/pages"}],"about":[{"href":"https:\/\/www.ess-rv.de\/index.php?rest_route=\/wp\/v2\/types\/page"}],"author":[{"embeddable":true,"href":"https:\/\/www.ess-rv.de\/index.php?rest_route=\/wp\/v2\/users\/3"}],"replies":[{"embeddable":true,"href":"https:\/\/www.ess-rv.de\/index.php?rest_route=%2Fwp%2Fv2%2Fcomments&post=1525"}],"version-history":[{"count":18,"href":"https:\/\/www.ess-rv.de\/index.php?rest_route=\/wp\/v2\/pages\/1525\/revisions"}],"predecessor-version":[{"id":7355,"href":"https:\/\/www.ess-rv.de\/index.php?rest_route=\/wp\/v2\/pages\/1525\/revisions\/7355"}],"up":[{"embeddable":true,"href":"https:\/\/www.ess-rv.de\/index.php?rest_route=\/wp\/v2\/pages\/39"}],"wp:attachment":[{"href":"https:\/\/www.ess-rv.de\/index.php?rest_route=%2Fwp%2Fv2%2Fmedia&parent=1525"}],"curies":[{"name":"wp","href":"https:\/\/api.w.org\/{rel}","templated":true}]}}