{"id":4648,"date":"2017-10-30T20:52:50","date_gmt":"2017-10-30T19:52:50","guid":{"rendered":"http:\/\/www.ess-rv.de\/?page_id=4648"},"modified":"2024-12-20T11:07:53","modified_gmt":"2024-12-20T10:07:53","slug":"anmeldung-berufskollegs","status":"publish","type":"page","link":"https:\/\/www.ess-rv.de\/?page_id=4648","title":{"rendered":"Anmeldung Berufskollegs"},"content":{"rendered":"<div data-post-id=\"8050\" class=\"insert-page insert-page-8050 \"><div class=\"highlight\">Die Berufskollegs f\u00fcr Ern\u00e4hrung und Erziehung (1BKEE) und f\u00fcr Ern\u00e4hrung und Hauswirtschaft (2BKH) werden ab dem Schuljahr 2023\/2024 nicht mehr angeboten.<\/p>\n<p>Informationen zum neu angebotenen <a href=\"http:\/\/www.ess-rv.de\/?page_id=8014\">Berufskolleg f\u00fcr Ern\u00e4hrung und Haushaltsmanagement (2BKEH)<\/a> finden Sie <a href=\"http:\/\/www.ess-rv.de\/?page_id=8014\">hier<\/a><\/div>\n<\/div>\n<p>Die Anmeldung auf diese Berufskollegs erfolgt in diesem Jahr \u00fcber <a href=\"https:\/\/bewo.kultus-bw.de\/BewO\" target=\"_blank\" rel=\"noopener\">BewO-online <\/a>(<a href=\"https:\/\/bewo.kultus-bw.de\/BewO\" target=\"_blank\" rel=\"noopener\">https:\/\/bewo.kultus-bw.de\/BewO<\/a>)<\/p>\n<ul>\n<li><a title=\"Duales Berufskolleg Fachrichtung Soziales\" href=\"http:\/\/www.ess-rv.de\/?page_id=123\">Duales Berufskolleg Fachrichtung Soziales<\/a><\/li>\n<li><a title=\"Berufskolleg Ern\u00e4hrung und Erziehung\" href=\"http:\/\/www.ess-rv.de\/?page_id=134\">Berufskolleg Ern\u00e4hrung und Hauswirtschaft<\/a><\/li>\n<li><a title=\"Berufskolleg f\u00fcr Ern\u00e4hrung und Haushaltsmanagement\" href=\"http:\/\/www.ess-rv.de\/?page_id=8014\">Berufskolleg f\u00fcr Ern\u00e4hrung und Haushaltsmanagement<\/a><\/li>\n<li><a title=\"Berufskolleg f\u00fcr Gesundheit und Pflege\" href=\"http:\/\/www.ess-rv.de\/?page_id=131\">Berufskolleg f\u00fcr Gesundheit und Pflege I<\/a><\/li>\n<\/ul>\n<p>Die Anmeldung f\u00fcr das <a title=\"Berufskolleg zur Erlangung der Fachhochschulreife\" href=\"http:\/\/www.ess-rv.de\/?page_id=137\">Berufskolleg zur Erlangung der Fachhochschulreife <\/a> erfolgt weiterhin \u00fcber das <a href=\"http:\/\/www.ess-rv.de\/?page_id=4829\" rel=\"noopener\" target=\"_blank\">Anmeldeformular<\/a><br \/>\n<!--[insert page='4638' display='content']--><\/p>\n<h2>Bewerbungsablauf<\/h2>\n<div data-post-id=\"4614\" class=\"insert-page insert-page-4614 \"><ol>\n<li>Registrieren Sie sich ab dem <strong>28. Januar<\/strong> bis zum 1. M\u00e4rz auf der <a href=\"https:\/\/bewo.kultus-bw.de\/BewO\" target=\"_blank\" rel=\"noopener noreferrer\">BewO-Internetseite<\/a> (<a href=\"https:\/\/bewo.kultus-bw.de\/BewO\" target=\"_blank\" rel=\"noopener noreferrer\">https:\/\/bewo.kultus-bw.de\/BewO<\/a>)<br \/>\nNach der Dateneingabe k\u00f6nnen Sie online die von Ihnen gew\u00fcnschten Bewerbungsziele (Schulen und Bildungsg\u00e4nge) ausw\u00e4hlen. \u00dcberlegen Sie sich auf jeden Fall mindestens ein bis zwei Alternativen zu Ihrem Erstwunsch.<\/li>\n<li>Ihre Bewerbungsziele ordnen Sie nach Priorit\u00e4t, d.h. der Bildungsgang, den Sie am liebsten besuchen w\u00fcrden, kommt an die erste Stelle.<\/li>\n<li>Drucken Sie den ausgef\u00fcllten Aufnahmeantrag aus und unterschreiben Sie ihn (Unterschrift der Erziehungsberechtigten nicht vergessen, sofern Sie unter 18 Jahre alt sind!)<\/li>\n<li>Geben Sie den Aufnahmeantrag bis sp\u00e4testens <strong>1. M\u00e4rz<\/strong> an der Schule Ihrer ersten Priorit\u00e4t ab. Zus\u00e4tzlich zum Antrag m\u00fcssen folgende Unterlagen abgegeben werden\n<ul>\n<li>beglaubigten Abschrift des Zeugnisses, das die Voraussetzungen f\u00fcr die Aufnahme nachweist<\/li>\n<li>Lebenslauf in tabellarischer Form mit Angaben \u00fcber den bisherigen Bildungsweg<\/li>\n<li>Erkl\u00e4rung, ob und gegebenenfalls an welchem anderen Gymnasium \/ Berufskolleg bereits an einem Aufnahmeverfahren teilgenommen wurde.<\/li>\n<\/ul>\n<\/li>\n<\/ol>\n<p>Eine ausf\u00fchrliche Anleitung und weitere Informationen finden Sie im Downloadbereich von <a href=\"https:\/\/bewo.kultus-bw.de\/BewO\" target=\"_blank\" rel=\"noopener noreferrer\">BewO online<\/a> (<a href=\"https:\/\/bewo.kultus-bw.de\/BewO\" target=\"_blank\" rel=\"noopener noreferrer\">https:\/\/bewo.kultus-bw.de\/BewO<\/a>)<\/p>\n<p><!--<a href=\"https:\/\/www.ess-rv.de\/download\/anmeldung\/bewo_2024_termine.pdf\" target=\"_blank\" rel=\"noopener\" download>Flyer zu BewO<\/a> mit zeitlichem Ablauf und beteiligten Schulen in Baden-W\u00fcrttemberg\n\n<a href=\"https:\/\/www.ess-rv.de\/download\/anmeldung\/bewo_2024_informationsblatt.pdf\" target=\"_blank\" rel=\"noopener\" download>Informationen f\u00fcr Bewerberinnen und Bewerber<\/a> des Kultusministeriums Baden-W\u00fcrttemberg--><\/p>\n<\/div>\n","protected":false},"excerpt":{"rendered":"<p>Die Anmeldung auf diese Berufskollegs erfolgt in diesem Jahr \u00fcber BewO-online (https:\/\/bewo.kultus-bw.de\/BewO) Duales Berufskolleg Fachrichtung Soziales Berufskolleg Ern\u00e4hrung und Hauswirtschaft Berufskolleg f\u00fcr Ern\u00e4hrung und Haushaltsmanagement Berufskolleg f\u00fcr Gesundheit und Pflege I Die Anmeldung f\u00fcr das Berufskolleg zur Erlangung der Fachhochschulreife erfolgt weiterhin \u00fcber das Anmeldeformular Bewerbungsablauf<\/p>\n","protected":false},"author":3,"featured_media":0,"parent":49,"menu_order":229,"comment_status":"closed","ping_status":"closed","template":"","meta":{"footnotes":"","_links_to":"","_links_to_target":""},"class_list":["post-4648","page","type-page","status-publish","hentry"],"_links":{"self":[{"href":"https:\/\/www.ess-rv.de\/index.php?rest_route=\/wp\/v2\/pages\/4648","targetHints":{"allow":["GET"]}}],"collection":[{"href":"https:\/\/www.ess-rv.de\/index.php?rest_route=\/wp\/v2\/pages"}],"about":[{"href":"https:\/\/www.ess-rv.de\/index.php?rest_route=\/wp\/v2\/types\/page"}],"author":[{"embeddable":true,"href":"https:\/\/www.ess-rv.de\/index.php?rest_route=\/wp\/v2\/users\/3"}],"replies":[{"embeddable":true,"href":"https:\/\/www.ess-rv.de\/index.php?rest_route=%2Fwp%2Fv2%2Fcomments&post=4648"}],"version-history":[{"count":13,"href":"https:\/\/www.ess-rv.de\/index.php?rest_route=\/wp\/v2\/pages\/4648\/revisions"}],"predecessor-version":[{"id":9119,"href":"https:\/\/www.ess-rv.de\/index.php?rest_route=\/wp\/v2\/pages\/4648\/revisions\/9119"}],"up":[{"embeddable":true,"href":"https:\/\/www.ess-rv.de\/index.php?rest_route=\/wp\/v2\/pages\/49"}],"wp:attachment":[{"href":"https:\/\/www.ess-rv.de\/index.php?rest_route=%2Fwp%2Fv2%2Fmedia&parent=4648"}],"curies":[{"name":"wp","href":"https:\/\/api.w.org\/{rel}","templated":true}]}}