{"id":5089,"date":"2018-06-07T14:36:17","date_gmt":"2018-06-07T12:36:17","guid":{"rendered":"http:\/\/www.ess-rv.de\/?page_id=5089"},"modified":"2025-07-16T09:02:26","modified_gmt":"2025-07-16T07:02:26","slug":"datenschutz","status":"publish","type":"page","link":"https:\/\/www.ess-rv.de\/?page_id=5089","title":{"rendered":"Datenschutzerkl\u00e4rung"},"content":{"rendered":"<ol class=\"aufzaehlung\">\n<li>\n\t\tVerantwortlicher und Datenschutzbeauftragter<\/p>\n<ol>\n<li>\n\t\t\t\tVerantwortlicher gem. Art.&nbsp;4 Abs.&nbsp;7 EU-Datenschutz-Grundverordnung (EU-DSGVO) ist Herbert Weber, Sankt-Martinus-Stra&szlig;e&nbsp;77, 88212&nbsp;Ravensburg, <span id=\"eeb-479510-260667\"><\/span><script type=\"text\/javascript\">(function(){var ml=\"0ftl%rom3Ahain4Dd.-F2ekvECcs\",mi=\"48I;4D0:5E148?4DD7;<326489KEF5E2;5<;2B5G4>0EKKB5GA@E4DD4D0J3;KK48?4DD7;<326B3<=F4DD48HKEF5E2;5<;2B5G4>0EKKB5GA@E48I4DC;48H\",o=\"\";for(var j=0,l=mi.length;j<l;j++){o+=ml.charAt(mi.charCodeAt(j)-48);}document.getElementById(\"eeb-479510-260667\").innerHTML = decodeURIComponent(o);}());<\/script><noscript>*protected email*<\/noscript>.\n\t\t\t<\/li>\n<li>\n\t\t\t\tUnseren Datenschutzbeauftragten erreichen Sie unter <a href=\"mailto:petra.pyschik@rpt.bwl.de\">petra.pyschik@rpt.bwl.de<\/a> oder unserer Postadresse mit dem Zusatz \u201eder Datenschutzbeauftragte\u201c.\n\t\t\t<\/li>\n<\/ol>\n<\/li>\n<li>\n\t\tInformation \u00fcber die Erhebung personenbezogener Daten, Speicherdauer<\/p>\n<ol>\n<li>\n\t\t\t\tIm Folgenden informieren wir \u00fcber die Erhebung personenbezogener Daten bei Nutzung unserer Website. Personenbezogene Daten sind alle Daten, die auf Sie pers\u00f6nlich beziehbar sind, z. B. Name, Adresse, E-Mail-Adressen, Nutzerverhalten.\n\t\t\t<\/li>\n<li>\n\t\t\t\tBei Ihrer Kontaktaufnahme mit uns per E-Mail oder \u00fcber ein Kontaktformular werden die von Ihnen mitgeteilten Daten (Ihre E-Mail-Adresse, ggf. Ihr Name und Ihre Telefonnummer) von uns gespeichert, um Ihre Fragen zu beantworten. Die in diesem Zusammenhang anfallenden Daten l\u00f6schen wir, nachdem die Speicherung nicht mehr erforderlich ist, oder schr\u00e4nken die Verarbeitung ein, falls gesetzliche Aufbewahrungspflichten bestehen.\n\t\t\t<\/li>\n<li>\n\t\t\t\tFalls wir f\u00fcr einzelne Funktionen unseres Angebots auf beauftragte Dienstleister zur\u00fcckgreifen oder Ihre Daten f\u00fcr werbliche Zwecke nutzen m\u00f6chten, werden wir Sie untenstehend im Detail \u00fcber die jeweiligen Vorg\u00e4nge informieren. Dabei nennen wir auch die festgelegten Kriterien der Speicherdauer.\n\t\t\t<\/li>\n<\/ol>\n<\/li>\n<li>\n\t\tIhre Rechte<\/p>\n<ol>\n<li>\n\t\t\t\tSie haben gegen\u00fcber uns folgende Rechte hinsichtlich der Sie betreffenden personenbezogenen Daten:<\/p>\n<ul>\n<li>Recht auf Auskunft,<\/li>\n<li>Recht auf Berichtigung oder L\u00f6schung,<\/li>\n<li>Recht auf Einschr\u00e4nkung der Verarbeitung,<\/li>\n<li>Recht auf Widerspruch gegen die Verarbeitung,<\/li>\n<li>Recht auf Daten\u00fcbertragbarkeit.<\/li>\n<\/ul>\n<\/li>\n<li>\n\t\t\t\tSie haben zudem das Recht, sich bei einer Datenschutz-Aufsichtsbeh\u00f6rde \u00fcber die Verarbeitung Ihrer personenbezogenen Daten durch uns zu beschweren. Die Datenschutzaufsichtsbeh\u00f6rde ist der Landesbeauftragte f\u00fcr den Datenschutz und die Informationsfreiheit (LfDI), K\u00f6nigstrasse&nbsp;10a, 70173&nbsp;Stuttgart.\n\t\t\t<\/li>\n<li>\n\t\t\t\tWerden personenbezogene Daten an ein Drittland oder an eine internationale Organisation \u00fcbermittelt, so haben Sie das Recht, \u00fcber die geeigneten Garantien gem\u00e4\u00df Art.&nbsp;46 EU-DSGVO im Zusammenhang mit der \u00dcbermittlung unterrichtet zu werden.\n\t\t\t<\/li>\n<\/ol>\n<\/li>\n<li>\n\t\tErhebung und Zweck personenbezogener Daten bei Besuch unserer Website<\/p>\n<ol>\n<li>\n\t\t\t\tBei der blo\u00df informatorischen Nutzung der Website, also wenn Sie sich nicht registrieren oder uns anderweitig Informationen \u00fcbermitteln, erheben wir nur die personenbezogenen Daten, die Ihr Browser an unseren Server \u00fcbermittelt. Wenn Sie unsere Website betrachten m\u00f6chten, erheben wir die folgenden Daten, die f\u00fcr uns technisch erforderlich sind, um Ihnen unsere Website anzuzeigen und die Stabilit\u00e4t und Sicherheit zu gew\u00e4hrleisten (Rechtsgrundlage ist Art.&nbsp;6 Abs.&nbsp;1 S.&nbsp;1 lit.&nbsp;f EU-DSGVO):<\/p>\n<ul>\n<li>anonymisierte IP-Adresse<\/li>\n<li>Datum und Uhrzeit der Anfrage<\/li>\n<li>Zeitzonendifferenz zur Greenwich Mean Time (GMT)<\/li>\n<li>Inhalt der Anforderung (konkrete Seite)<\/li>\n<li>Zugriffsstatus\/HTTP-Statuscode<\/li>\n<li>jeweils \u00fcbertragene Datenmenge<\/li>\n<li>Website, von der die Anforderung kommt<\/li>\n<li>Browser<\/li>\n<li>Betriebssystem und dessen Oberfl\u00e4che<\/li>\n<li>Sprache und Version der Browsersoftware<\/li>\n<\/ul>\n<\/li>\n<\/ol>\n<\/li>\n<\/ol>\n","protected":false},"excerpt":{"rendered":"<p>Verantwortlicher und Datenschutzbeauftragter Verantwortlicher gem. Art.&nbsp;4 Abs.&nbsp;7 EU-Datenschutz-Grundverordnung (EU-DSGVO) ist Herbert Weber, Sankt-Martinus-Stra&szlig;e&nbsp;77, 88212&nbsp;Ravensburg, *protected email*. Unseren Datenschutzbeauftragten erreichen Sie unter petra.pyschik@rpt.bwl.de oder unserer Postadresse mit dem Zusatz \u201eder Datenschutzbeauftragte\u201c. Information \u00fcber die Erhebung personenbezogener Daten, Speicherdauer Im Folgenden informieren wir \u00fcber die Erhebung personenbezogener Daten bei Nutzung unserer Website. Personenbezogene Daten sind alle Daten, &hellip; <a href=\"https:\/\/www.ess-rv.de\/?page_id=5089\" class=\"more-link\"><span class=\"screen-reader-text\">Datenschutzerkl\u00e4rung<\/span> weiterlesen <span class=\"meta-nav\">&rarr;<\/span><\/a><\/p>\n","protected":false},"author":3,"featured_media":0,"parent":21,"menu_order":0,"comment_status":"closed","ping_status":"closed","template":"","meta":{"footnotes":"","_links_to":"","_links_to_target":""},"class_list":["post-5089","page","type-page","status-publish","hentry"],"_links":{"self":[{"href":"https:\/\/www.ess-rv.de\/index.php?rest_route=\/wp\/v2\/pages\/5089","targetHints":{"allow":["GET"]}}],"collection":[{"href":"https:\/\/www.ess-rv.de\/index.php?rest_route=\/wp\/v2\/pages"}],"about":[{"href":"https:\/\/www.ess-rv.de\/index.php?rest_route=\/wp\/v2\/types\/page"}],"author":[{"embeddable":true,"href":"https:\/\/www.ess-rv.de\/index.php?rest_route=\/wp\/v2\/users\/3"}],"replies":[{"embeddable":true,"href":"https:\/\/www.ess-rv.de\/index.php?rest_route=%2Fwp%2Fv2%2Fcomments&post=5089"}],"version-history":[{"count":12,"href":"https:\/\/www.ess-rv.de\/index.php?rest_route=\/wp\/v2\/pages\/5089\/revisions"}],"predecessor-version":[{"id":9581,"href":"https:\/\/www.ess-rv.de\/index.php?rest_route=\/wp\/v2\/pages\/5089\/revisions\/9581"}],"up":[{"embeddable":true,"href":"https:\/\/www.ess-rv.de\/index.php?rest_route=\/wp\/v2\/pages\/21"}],"wp:attachment":[{"href":"https:\/\/www.ess-rv.de\/index.php?rest_route=%2Fwp%2Fv2%2Fmedia&parent=5089"}],"curies":[{"name":"wp","href":"https:\/\/api.w.org\/{rel}","templated":true}]}}