{"id":5704,"date":"2019-06-28T11:29:23","date_gmt":"2019-06-28T09:29:23","guid":{"rendered":"http:\/\/www.ess-rv.de\/?page_id=5704"},"modified":"2019-07-08T14:31:50","modified_gmt":"2019-07-08T12:31:50","slug":"programm-edith-goes-digital","status":"publish","type":"page","link":"https:\/\/www.ess-rv.de\/?page_id=5704","title":{"rendered":"Programm &#8211; Edith goes digital"},"content":{"rendered":"<h2><\/h2>\n<h2>Freitag, 12. Juli<\/h2>\n<div class=\"tabelle\">\n<div class=\"tinhalt\">\n<div class=\"zeile\" style=\"background-color: #eef;\">\n<div class=\"zelle\">12.00-17.00 Uhr<\/div>\n<div class=\"zelle\">\n<h2>Halbinale 1. Play-eS Regio S\u00fcd<\/h2>\n<p>Mehr Infos unter <a href=\"https:\/\/www.schulmeisterschaft.de\/play-es\" rel=\"noopener noreferrer\" target=\"_blank\">https:\/\/www.schulmeisterschaft.de\/play-es<\/a><\/div>\n<\/div>\n<div class=\"zeile\" style=\"background-color: #eef;\">\n<div class=\"zelle\">13.00-14.00 Uhr<\/div>\n<div class=\"zelle\">Autogrammstunde und Fragerunde mit <a href=\"https:\/\/www.vfb.de\/de\/vfb\/aktuell\/neues\/vfbfairplay\/2019\/niklas-luginsland-\/\" target=\"_blank\" alt=\"\" title=\"Niklas Luginsland\" rel=\"noopener noreferrer\">Niklas &#8222;nik-lugi&#8220; Luginsland (VfB Stuttgart eSports)<\/a><\/div>\n<\/div>\n<div class=\"zeile\">\n<div class=\"zelle\">&nbsp;<\/div>\n<div class=\"zelle\">&nbsp;<\/div>\n<\/div>\n<div class=\"zeile\">\n<div class=\"zelle\">14.00-17.00 Uhr<\/div>\n<div class=\"zelle\">\n<h2>Fachvortr\u00e4ge mit anschlie\u00dfender Publikumsdiskussion<\/h2>\n<\/div><\/div>\n<div class=\"zeile\">\n<div class=\"zelle\" style=\"width: 150px\">14.00 Uhr<\/div>\n<div class=\"zelle\">Er\u00f6ffnung durch Landrat Harald Sievers<\/div>\n<\/p><\/div>\n<div class=\"zeile\">\n<div class=\"zelle\">14.15\u201315.00 Uhr<\/div>\n<div class=\"zelle\"><em>Spielen und Lernen \u2013 Welche Potenziale bieten Computerspiele f\u00fcr die schulische Bildung?<\/em><br \/>\n\t\t\tProf. Dr. Jan M. Boelmann<\/div>\n<\/p><\/div>\n<div class=\"zeile\">\n<div class=\"zelle\">15.15\u201316.00 Uhr<\/div>\n<div class=\"zelle\"><em>Spiele als Spiegel der Gesellschaft \u2013 geh\u00f6rt eSport in die Schule<\/em><br \/>\n\t\t\tJ. Peter Lemcke; Dr. Ina Weh<\/div>\n<\/p><\/div>\n<div class=\"zeile\">\n<div class=\"zelle\">16.15\u201317.00 Uhr<\/div>\n<div class=\"zelle\"><em>Virtual und Augmented Reality in der Bildung \u2013 mixed real with digital world<\/em><br \/>\n\t\t\tDipl.-Ing. (FH) Torsten Fell, MBA<\/div>\n<\/div>\n<\/div>\n<\/div>\n<h3>Workshops<\/h3>\n<div class=\"tabelle\">\n<div class=\"tinhalt\">\n<div class=\"zeile\" style=\"background-color: #fffee0;\">\n<div class=\"zelle\" style=\"width: 150px\"><span>\u00c4nderung<\/span><br \/>\n\t\t\t14.15\u201316.00 Uhr<\/div>\n<div class=\"zelle\">Workshop <em>Digitale Lernwelt \u2013 wenn man mehr als die reale Welt sehen kann &#8211; Virtual (VR) und Augmented Reality (AR) in der Bildung<\/em><br \/>\n\t\t\tDipl.-Ing. (FH) Torsten Fell, MBA<br \/>\n\t\t\tAnmeldung erforderlich unter <a href=\"mailto:info@ess-rv.de\">info@ess-rv.de<\/a><br \/>\n\t\t\tDer Workshop wurde auf den Freitag vorgezogen.<\/div>\n<\/div><\/div>\n<\/div>\n<p>&nbsp;<\/p>\n<h2>Samstag, 13. Juli<\/h2>\n<div class=\"tabelle\">\n<div class=\"tinhalt\">\n<div class=\"zeile\" style=\"background-color: #eef;\">\n<div class=\"zelle\">10.00-13.00 Uhr<\/div>\n<div class=\"zelle\">\n<h2>Finale 1. Play-eS Regio S\u00fcd<\/h2>\n<p>Mehr Infos unter <a href=\"https:\/\/www.schulmeisterschaft.de\/play-es\" rel=\"noopener noreferrer\" target=\"_blank\">https:\/\/www.schulmeisterschaft.de\/play-es<\/a><\/div>\n<\/div>\n<div class=\"zeile\">\n<div class=\"zelle\" style=\"width: 150px\">9.45\u201311.45 Uhr\n\t\t\t<\/div>\n<div class=\"zelle\">\n<h2>Workshops<\/h2>\n<p>Anmeldung erforderlich unter <a href=\"mailto:info@ess-rv.de\">info@ess-rv.de<\/a><\/p>\n<p><em>Von virtuell zu virtuos \u2013 eSport als Impuls f\u00fcr individuelle Lernentwicklung<\/em><br \/>\nDr. Ina Weh<\/p>\n<p><em>Boombox \u2013 VR-Werkstatt f\u00fcr Teilnehmer ab 12 Jahre<\/em><br \/>\nKreismedienzentrum<\/p>\n<p><em>Der Surfschein mit dem Internet ABC \u2013 Eine Einf\u00fchrung f\u00fcr Kinder, Eltern und P\u00e4dagogen<\/em><br \/>\nLandesanstalt f\u00fcr Kommunikation Baden-W\u00fcrttemberg (LFK)<\/p>\n<p><em>Computer Game Pixilation \u2013 Trickfilm-Workshop<\/em><br \/>\nLandesanstalt f\u00fcr Kommunikation Baden-W\u00fcrttemberg (LFK)<\/p>\n<p><em>Apps\u201colut \u2013 Handys zur Unterst\u00fctzung des Lernens<\/em><br \/>\nDr. Martin Rehm<\/p>\n<p><em><\/em>\n\t\t\t<\/div>\n<\/p><\/div>\n<div class=\"zeile\">\n<div class=\"zelle\" style=\"width: 150px\">12.00\u201313.00 Uhr<\/div>\n<div class=\"zelle\">\n<h2>Podiumsdiskussion \u2013 Wie Schulen die Chancen der Digitalisierung nutzen<\/h2>\n<ul>\n<li>Raimund Haser MdL<\/li>\n<li>J. Peter Lemcke<\/li>\n<li>Dr. Martin Rehm<\/li>\n<\/ul>\n<p>Moderation: Thorsten Kern, Schw\u00e4bische Zeitung Sportredaktion Ravensburg\n\t\t<\/p><\/div>\n<\/p><\/div>\n<div class=\"zeile\" style=\"background-color: #eef;\">\n<div class=\"zelle\" style=\"width: 150px\">13.00 Uhr<\/div>\n<div class=\"zelle\">\n<h2>Siegerehrung: 1. Play-eS Regio S\u00fcd<\/h2>\n<p>\t\tDas Halbfinale findet am Freitag, 12. Juli, 12.00-17.00 Uhr, das Finale am Samstag, 13. Juli, 10.00-13.00 Uhr, statt<br \/>\n\t\tMehr Infos unter <a href=\"https:\/\/www.schulmeisterschaft.de\/play-es\" rel=\"noopener noreferrer\" target=\"_blank\">https:\/\/www.schulmeisterschaft.de\/play-es<\/a><\/div>\n<\/div><\/div>\n<\/div>\n","protected":false},"excerpt":{"rendered":"<p>Freitag, 12. Juli 12.00-17.00 Uhr Halbinale 1. Play-eS Regio S\u00fcd Mehr Infos unter https:\/\/www.schulmeisterschaft.de\/play-es 13.00-14.00 Uhr Autogrammstunde und Fragerunde mit Niklas &#8222;nik-lugi&#8220; Luginsland (VfB Stuttgart eSports) &nbsp; &nbsp; 14.00-17.00 Uhr Fachvortr\u00e4ge mit anschlie\u00dfender Publikumsdiskussion 14.00 Uhr Er\u00f6ffnung durch Landrat Harald Sievers 14.15\u201315.00 Uhr Spielen und Lernen \u2013 Welche Potenziale bieten Computerspiele f\u00fcr die schulische Bildung? &hellip; <a href=\"https:\/\/www.ess-rv.de\/?page_id=5704\" class=\"more-link\"><span class=\"screen-reader-text\">Programm &#8211; Edith goes digital<\/span> weiterlesen <span class=\"meta-nav\">&rarr;<\/span><\/a><\/p>\n","protected":false},"author":3,"featured_media":0,"parent":21,"menu_order":0,"comment_status":"closed","ping_status":"closed","template":"","meta":{"footnotes":"","_links_to":"","_links_to_target":""},"class_list":["post-5704","page","type-page","status-publish","hentry"],"_links":{"self":[{"href":"https:\/\/www.ess-rv.de\/index.php?rest_route=\/wp\/v2\/pages\/5704","targetHints":{"allow":["GET"]}}],"collection":[{"href":"https:\/\/www.ess-rv.de\/index.php?rest_route=\/wp\/v2\/pages"}],"about":[{"href":"https:\/\/www.ess-rv.de\/index.php?rest_route=\/wp\/v2\/types\/page"}],"author":[{"embeddable":true,"href":"https:\/\/www.ess-rv.de\/index.php?rest_route=\/wp\/v2\/users\/3"}],"replies":[{"embeddable":true,"href":"https:\/\/www.ess-rv.de\/index.php?rest_route=%2Fwp%2Fv2%2Fcomments&post=5704"}],"version-history":[{"count":12,"href":"https:\/\/www.ess-rv.de\/index.php?rest_route=\/wp\/v2\/pages\/5704\/revisions"}],"predecessor-version":[{"id":5765,"href":"https:\/\/www.ess-rv.de\/index.php?rest_route=\/wp\/v2\/pages\/5704\/revisions\/5765"}],"up":[{"embeddable":true,"href":"https:\/\/www.ess-rv.de\/index.php?rest_route=\/wp\/v2\/pages\/21"}],"wp:attachment":[{"href":"https:\/\/www.ess-rv.de\/index.php?rest_route=%2Fwp%2Fv2%2Fmedia&parent=5704"}],"curies":[{"name":"wp","href":"https:\/\/api.w.org\/{rel}","templated":true}]}}