{"id":6222,"date":"2020-04-06T12:18:06","date_gmt":"2020-04-06T10:18:06","guid":{"rendered":"http:\/\/www.ess-rv.de\/?page_id=6222"},"modified":"2021-01-21T15:27:08","modified_gmt":"2021-01-21T14:27:08","slug":"faecherwahl-eingangsklasse","status":"publish","type":"page","link":"https:\/\/www.ess-rv.de\/?page_id=6222","title":{"rendered":"F\u00e4cherwahl in der Eingangsklasse"},"content":{"rendered":"<div data-post-id=\"6242\" class=\"insert-page insert-page-6242 \"><p><embed src=\"http:\/\/www.ess-rv.de\/wp-content\/uploads\/2021\/01\/bgym_faecherwahl.pdf\" type=\"application\/pdf\" width=\"662\"><\/p>\n<p><a href=\"http:\/\/www.ess-rv.de\/wp-content\/uploads\/2021\/01\/bgym_faecherwahl.pdf\">Download Informationen zur F\u00e4cherwahl am Gymnasium<\/a><\/p>\n<h2 id=\"wpf\">Informationen zur Wahl eines Wahlpflichtfaches<\/h2>\n<p>Neben den Wahlpflichtf\u00e4chern und Wahlf\u00e4chern s. u. belegen Sie Pflichtf\u00e4chter.<\/p>\n<p>Zu den Pflichtf\u00e4chern geh\u00f6rt das Profilfach<\/p>\n<ul>\n<li><a href=\"http:\/\/www.ess-rv.de\/?page_id=6732\">Biotechnologie mit Labor\u00fcbungen<\/a><\/li>\n<li><a href=\"http:\/\/www.ess-rv.de\/?page_id=6734\">Ern\u00e4hrung und Chemie mit Labor\u00fcbungen<\/a><\/li>\n<li><a href=\"http:\/\/www.ess-rv.de\/?page_id=6740\">Gesundheit und Biologie mit Labor\u00fcbungen<\/a><\/li>\n<li><a href=\"http:\/\/www.ess-rv.de\/?page_id=6742\">P\u00e4dagogik und Psychologie mit Praxis<\/a><\/li>\n<\/ul>\n<p>Au\u00dferdem geh\u00f6ren dazu die F\u00e4cher<\/p>\n<ul>\n<li><a href=\"http:\/\/www.ess-rv.de\/?page_id=6911\">Mathematik<\/a><\/li>\n<li><a href=\"http:\/\/www.ess-rv.de\/?page_id=6913\">Deutsch<\/a><\/li>\n<\/ul>\n<p>In der Eingangsklasse muss mindestens ein Wahlpflichtfach belegt werden. Zu den Wahlpflichtf\u00e4chern geh\u00f6ren:<\/p>\n<ul>\n<li><a href=\"http:\/\/www.ess-rv.de\/?page_id=6243\">zweiten Fremdsprachen<\/a><\/li>\n<li>Kunst<\/li>\n<li>Musik<\/li>\n<li><a href=\"http:\/\/www.ess-rv.de\/?page_id=6232\">Sondergebiete der Ern\u00e4hrungswissenschaften<\/a><\/li>\n<li><a href=\"http:\/\/www.ess-rv.de\/?page_id=6233\">Global Studies<\/a><\/li>\n<li><a href=\"http:\/\/www.ess-rv.de\/?page_id=6738\">Bioinformatik<\/a><\/li>\n<li><a href=\"http:\/\/www.ess-rv.de\/?page_id=6744\">Naturwissenschaftliches Experimentieren<\/a><\/li>\n<li><a href=\"http:\/\/www.ess-rv.de\/?page_id=6746\">Sozialmanagement<\/a><\/li>\n<\/ul>\n<p>Sie k\u00f6nnen evtl. auch zwei dieser F\u00e4cher belegen und sollten hier nach Ihren F\u00e4higkeiten und Interessen w\u00e4hlen. Jedoch bedeutet jedes zus\u00e4tzliche Fach auch zus\u00e4tzliche Stunden und die Wahlpflichtf\u00e4cher aus Block I finden z. T. auch nachmittags statt. Dagegen k\u00f6nnen diese F\u00e4cher unter gewissen Voraussetzungen auch als Abiturpr\u00fcfungsfach gew\u00e4hlt werden, wenn sie alle drei Jahre belegt wurden.<\/p>\n<\/div>\n<p><!--[insert page='6243' display='content']--><\/p>\n","protected":false},"excerpt":{"rendered":"","protected":false},"author":3,"featured_media":0,"parent":9,"menu_order":2180,"comment_status":"closed","ping_status":"closed","template":"","meta":{"footnotes":"","_links_to":"","_links_to_target":""},"class_list":["post-6222","page","type-page","status-publish","hentry"],"_links":{"self":[{"href":"https:\/\/www.ess-rv.de\/index.php?rest_route=\/wp\/v2\/pages\/6222","targetHints":{"allow":["GET"]}}],"collection":[{"href":"https:\/\/www.ess-rv.de\/index.php?rest_route=\/wp\/v2\/pages"}],"about":[{"href":"https:\/\/www.ess-rv.de\/index.php?rest_route=\/wp\/v2\/types\/page"}],"author":[{"embeddable":true,"href":"https:\/\/www.ess-rv.de\/index.php?rest_route=\/wp\/v2\/users\/3"}],"replies":[{"embeddable":true,"href":"https:\/\/www.ess-rv.de\/index.php?rest_route=%2Fwp%2Fv2%2Fcomments&post=6222"}],"version-history":[{"count":8,"href":"https:\/\/www.ess-rv.de\/index.php?rest_route=\/wp\/v2\/pages\/6222\/revisions"}],"predecessor-version":[{"id":6927,"href":"https:\/\/www.ess-rv.de\/index.php?rest_route=\/wp\/v2\/pages\/6222\/revisions\/6927"}],"up":[{"embeddable":true,"href":"https:\/\/www.ess-rv.de\/index.php?rest_route=\/wp\/v2\/pages\/9"}],"wp:attachment":[{"href":"https:\/\/www.ess-rv.de\/index.php?rest_route=%2Fwp%2Fv2%2Fmedia&parent=6222"}],"curies":[{"name":"wp","href":"https:\/\/api.w.org\/{rel}","templated":true}]}}