{"id":6506,"date":"2020-09-10T11:32:33","date_gmt":"2020-09-10T09:32:33","guid":{"rendered":"http:\/\/www.ess-rv.de\/?page_id=6506"},"modified":"2026-03-09T17:16:42","modified_gmt":"2026-03-09T16:16:42","slug":"ausbildungsvorbereitung-dual","status":"publish","type":"page","link":"https:\/\/www.ess-rv.de\/?page_id=6506","title":{"rendered":"Ausbildungsvorbereitung dual"},"content":{"rendered":"<div class=\"link-anmeldung\"><a href=\"http:\/\/www.ess-rv.de\/?page_id=4699\">Anmeldung<\/a><\/div>\n<p><embed src=\"http:\/\/www.ess-rv.de\/wp-content\/uploads\/2022\/01\/Praesentation-AVdual_Infoveranstaltung.pdf\" type=\"application\/pdf\" width=\"300\" height=\"150\"\/><\/p>\n<p><a href=\"http:\/\/www.ess-rv.de\/wp-content\/uploads\/2022\/01\/Praesentation-AVdual_Infoveranstaltung.pdf\">Download Informationen zum AVdual<\/a><\/p>\n<p><a href=\"http:\/\/www.ess-rv.de\/?page_id=6886\">Wir sind Ihre Lehrerinnen und Lehrer<\/a><\/p>\n<ul class=\"tab\" id=\"ReiterBox\">\n<li><a class=\"tablinks active\" onclick=\"ReiterOeffnen(event, 'Konzept')\">Konzept<\/a><\/li>\n<li><a class=\"tablinks\" onclick=\"ReiterOeffnen(event, 'Ausgestaltung')\">Ausgestaltung<\/a><\/li>\n<li><a class=\"tablinks\" onclick=\"ReiterOeffnen(event, 'Ausbildungsziel')\">Ausbildungsziel<\/a><\/li>\n<li><a class=\"tablinks\" onclick=\"ReiterOeffnen(event, 'Profile')\">Profile<\/a><\/li>\n<li><a class=\"tablinks\" onclick=\"ReiterOeffnen(event, 'AufnahmeundAnmeldung')\">Aufnahme\/Anmeldung<\/a><\/li>\n<\/ul>\n<div id=\"Konzept\" class=\"tabcontent active\" style=\"display: block;\">\n<h2><a name=\"Konzept\"><\/a>P&auml;dagogisches Konzept<\/h2>\n<p>Der Schwerpunkt liegt auf der individuellen F\u00f6rderung des Sch\u00fclers. Jeder kann seinen Weg nach seinen F\u00e4higkeiten und seiner Motivation gehen. Durch regelm\u00e4\u00dfige Lernberatungsgespr\u00e4che zwischen Sch\u00fcler, Eltern und Lernberater (Fachlehrer der Klasse) erf\u00e4hrt der Sch\u00fcler eine intensive Begleitung. Die Schule f\u00fchrt zur Feststellung der Kompetenzen eine Kompetenzanalyse durch und f\u00f6rdert mit hohem Stellenwert die \u00fcberfachlichen Kompetenzen wie selbst\u00e4ndiges Arbeiten, Eigenverantwortung und Teamarbeit. Unterst\u00fctzende Lernberatungsgespr\u00e4che und Zielvereinbarungsgespr\u00e4che mit Eltern sind fester Bestandteil der F\u00f6rderung. Die Sch\u00fcler lernen mit Hilfe von Wochenpl\u00e4nen und Lerntageb\u00fcchern in den offenen Lernzeiten.<\/p>\n<p>Die Schulart wird als Ganztagesangebot gef\u00fchrt.\n<\/p><\/div>\n<div id=\"Ausgestaltung\" class=\"tabcontent\">\n<h2>Ausgestaltung<\/h2>\n<p><a href=\"http:\/\/www.ess-rv.de\/wp-content\/uploads\/2021\/01\/stundentafel_avdual.png\"><img loading=\"lazy\" decoding=\"async\" src=\"http:\/\/www.ess-rv.de\/wp-content\/uploads\/2021\/01\/stundentafel_avdual-215x215.png\" alt=\"\" width=\"215\" height=\"215\" class=\"alignleft size-thumbnail wp-image-6865\" \/><\/a>Das Unterrichtsangebot finden Sie in der Stundentafel (Bild links). <\/p>\n<p>Zu Beginn des Schuljahres findet ein zweiw\u00f6chiges Betriebspraktikum statt. Daran anschlie\u00dfend besuchen die Sch\u00fcler ein Tagespraktikum. Die Praktika werden von den AVdual Begleitern betreut.Die AVdual Begleiter sind f\u00fcr die Sch\u00fcler feste Ansprechpersonen in allen Fragen rund um Berufe, Praktika und Ausbildung.<\/p>\n<p>Sie bieten individuelle Unterst\u00fctzung bei<\/p>\n<ul>\n<li>der Suche nach geeigneten Praktikumspl\u00e4tzen<\/li>\n<li>der Ausbildungsplatzsuche und beim Bewerbungsverfahren<\/li>\n<li>der Erarbeitung von Anschlussperspektiven<\/li>\n<li>der Einbindung von Eltern bzw. Betreuern.<\/li>\n<\/ul>\n<\/div>\n<div id=\"Ausbildungsziel\" class=\"tabcontent\">\n<h2>Ausbildungsziel<\/h2>\n<p>Die duale Ausbildungsvorbereitung AVdual hat zum Ziel, die Allgemeinbildung zu vertiefen, die Ausbildungsreife zu verbessern und damit eine erfolgreiche Berufsausbildung beginnen zu k\u00f6nnen. Durch die Einbindung und enge Betreuung von Praktika in Betrieben lernen die Sch\u00fclerInnen die betriebliche Realit\u00e4t kennen. Dieses besondere p\u00e4dagogische Konzept bietet den Sch\u00fclern drei M\u00f6glichkeiten:<\/p>\n<p><strong>In einem Jahr<\/strong><\/p>\n<ul>\n<li>den Hauptschulabschluss nachholen und eine gute Ausbildung finden (bisher VAB)<\/li>\n<li>die Chancen f\u00fcr eine Berufsausbildung erh\u00f6hen oder den mittleren Bildungsabschluss anstreben (bisher BEJ)<\/li>\n<\/ul>\n<p><strong>In zwei Jahren<\/strong><\/p>\n<ul>\n<li>den mittleren Bildungsabschlusses durch Versetzung in die <a href=\"http:\/\/www.ess-rv.de\/?page_id=45\">2 BFS<\/a> erreichen (bisher 2BFS).<\/li>\n<\/ul>\n<\/div>\n<div id=\"Profile\" class=\"tabcontent\">\n<h2>Profile<\/h2>\n<p><strong>Gesundheit und Pflege<\/strong><\/p>\n<ul>\n<li>Gesundheit f\u00f6rdern<\/li>\n<li>Pflege und Versorgung kranker Menschen<\/li>\n<li>Labortechnologie und Datenverarbeitung<\/li>\n<\/ul>\n<p><strong>Ern\u00e4hrung und Hauswirtschaft<\/strong><\/p>\n<ul>\n<li>Gesunde Ern\u00e4hrung und Nahrungszubereitung<\/li>\n<li>Haushaltsf\u00fchrung und Erziehungslehre<\/li>\n<li>Dekoration und Textilverarbeitung<\/li>\n<\/ul>\n<p><strong>Fitness und Lifestyle<\/strong><\/p>\n<ul>\n<li>Trainingsplan f\u00fcr Kraft und Ausdauer erstellen<\/li>\n<li>Sportern\u00e4hrung selbst herstellen<\/li>\n<\/ul>\n<\/div>\n<div id=\"AufnahmeundAnmeldung\" class=\"tabcontent\">\n<h2>Aufnahmebedingungen<\/h2>\n<p>Alle Jugendlichen<\/p>\n<ul>\n<li>mit oder ohne Hauptschulabschluss, die keine allgemeinbildende Schule besuchen und schulpflichtig sind,<br \/>sowie<\/li>\n<li>motivierte Jugendliche, die keine Ausbildungsstelle bekommen haben,<\/li>\n<\/ul>\n<p>werden aufgenommen.<\/p>\n<p>Es besteht Schulgeld- und Lernmittelfreiheit.<\/p>\n<p>Anmeldeschluss ist jeweils der <strong>8. M\u00e4rz<\/strong> f\u00fcr das folgende Schuljahr. Versp\u00e4tet eingereichte Anmeldungen k\u00f6nnen nur dann ber\u00fccksichtigt werden, wenn nach dem regul\u00e4ren Verfahren noch Pl\u00e4tze zur Verf\u00fcgung stehen. <\/p>\n<p><span style=\"padding: 15px 25px; border-left: 12px solid #fd2; background-color: #fe4; display: block\"><a href=\"http:\/\/www.ess-rv.de\/?page_id=4699\">Hier<\/a> finden Sie alle <a href=\"http:\/\/www.ess-rv.de\/?page_id=4699\">weiteren Informationen<\/a> zum Anmeldeverfahren.<\/span><\/div>\n<p><span  style=\"display: block; text-align: center; background-color: #eee; border: 1px solid #ddd; padding: 6px;\"><a href=\"http:\/\/ess-rv.de\/download\/flyer_avdual_2026.pdf\" target=\"_blank\" class=\"external-link\" download rel=\"noopener\">Flyer zum AVdual<\/a> (<a href=\"http:\/\/ess-rv.de\/download\/flyer_avdual_arbeitgeber_2026.pdf\" target=\"_blank\" class=\"external-link\" download rel=\"noopener\">Flyer zum AVdual f\u00fcr Arbeitgeber*innen<\/a>)<\/span><\/p>\n<h2>Weiterbildungsm\u00f6glichkeiten<\/h2>\n<p>Die berufsfachlichen Kompetenzen werden im intensiven Zusammenwirken mit der Wirtschaft durch Betriebspraktika und durch ein eng am regionalen betrieblichen Bedarf ausgerichtetes Angebot an Berufsfeldern vermittelt. Diese insbesondere auf den Einstieg in eine Berufsausbildung abzielende Vorbereitung wird durch eine individuelle Berufswegeplanung begleitet:<\/p>\n<ul>\n<li>Vermittlung in ein Ausbildungsverh\u00e4ltnis mit gleichzeitigem Besuch der Berufsschule.<\/li>\n<li>Vermittlung in ein Arbeitsverh\u00e4ltnis, wobei die Berufsschule nicht mehr besucht werden muss.<\/li>\n<li>\u00dcbergang in eine Zweij\u00e4hrige Berufsfachschule (Mittlere Reife), wenn die notwendigen Versetzungsanforderungen im fortgeschrittenen Niveau C vorliegen.<\/li>\n<\/ul>\n","protected":false},"excerpt":{"rendered":"<p>Anmeldung Download Informationen zum AVdual Wir sind Ihre Lehrerinnen und Lehrer Konzept Ausgestaltung Ausbildungsziel Profile Aufnahme\/Anmeldung P&auml;dagogisches Konzept Der Schwerpunkt liegt auf der individuellen F\u00f6rderung des Sch\u00fclers. Jeder kann seinen Weg nach seinen F\u00e4higkeiten und seiner Motivation gehen. Durch regelm\u00e4\u00dfige Lernberatungsgespr\u00e4che zwischen Sch\u00fcler, Eltern und Lernberater (Fachlehrer der Klasse) erf\u00e4hrt der Sch\u00fcler eine intensive Begleitung. &hellip; <a href=\"https:\/\/www.ess-rv.de\/?page_id=6506\" class=\"more-link\"><span class=\"screen-reader-text\">Ausbildungsvorbereitung dual<\/span> weiterlesen <span class=\"meta-nav\">&rarr;<\/span><\/a><\/p>\n","protected":false},"author":3,"featured_media":0,"parent":45,"menu_order":2410,"comment_status":"closed","ping_status":"closed","template":"","meta":{"footnotes":"","_links_to":"","_links_to_target":""},"class_list":["post-6506","page","type-page","status-publish","hentry"],"_links":{"self":[{"href":"https:\/\/www.ess-rv.de\/index.php?rest_route=\/wp\/v2\/pages\/6506","targetHints":{"allow":["GET"]}}],"collection":[{"href":"https:\/\/www.ess-rv.de\/index.php?rest_route=\/wp\/v2\/pages"}],"about":[{"href":"https:\/\/www.ess-rv.de\/index.php?rest_route=\/wp\/v2\/types\/page"}],"author":[{"embeddable":true,"href":"https:\/\/www.ess-rv.de\/index.php?rest_route=\/wp\/v2\/users\/3"}],"replies":[{"embeddable":true,"href":"https:\/\/www.ess-rv.de\/index.php?rest_route=%2Fwp%2Fv2%2Fcomments&post=6506"}],"version-history":[{"count":33,"href":"https:\/\/www.ess-rv.de\/index.php?rest_route=\/wp\/v2\/pages\/6506\/revisions"}],"predecessor-version":[{"id":10023,"href":"https:\/\/www.ess-rv.de\/index.php?rest_route=\/wp\/v2\/pages\/6506\/revisions\/10023"}],"up":[{"embeddable":true,"href":"https:\/\/www.ess-rv.de\/index.php?rest_route=\/wp\/v2\/pages\/45"}],"wp:attachment":[{"href":"https:\/\/www.ess-rv.de\/index.php?rest_route=%2Fwp%2Fv2%2Fmedia&parent=6506"}],"curies":[{"name":"wp","href":"https:\/\/api.w.org\/{rel}","templated":true}]}}